{"id":808,"date":"2017-07-26T12:47:36","date_gmt":"2017-07-26T12:47:36","guid":{"rendered":"http:\/\/papierplie.fr\/?post_type=portfolio&#038;p=808"},"modified":"2023-06-27T15:24:59","modified_gmt":"2023-06-27T15:24:59","slug":"marche-de-noel","status":"publish","type":"portfolio","link":"https:\/\/papierplie.fr\/?portfolio=marche-de-noel","title":{"rendered":"March\u00e9 de no\u00ebl"},"content":{"rendered":"<p><a href=\"http:\/\/papierplie.fr\/portfolio-item\/marche-de-noel\/pat-les-ptis-papiers-flyer-apercu#main\" rel=\"attachment wp-att-809\"><img loading=\"lazy\" decoding=\"async\" class=\"alignnone size-full wp-image-809\" src=\"http:\/\/papierplie.fr\/wp-content\/uploads\/2017\/07\/pat-les-ptis-papiers-FLYER-apercu.jpg\" alt=\"\" width=\"1000\" height=\"667\" srcset=\"https:\/\/papierplie.fr\/wp-content\/uploads\/2017\/07\/pat-les-ptis-papiers-FLYER-apercu.jpg 1000w, https:\/\/papierplie.fr\/wp-content\/uploads\/2017\/07\/pat-les-ptis-papiers-FLYER-apercu-510x340.jpg 510w, https:\/\/papierplie.fr\/wp-content\/uploads\/2017\/07\/pat-les-ptis-papiers-FLYER-apercu-300x200.jpg 300w, https:\/\/papierplie.fr\/wp-content\/uploads\/2017\/07\/pat-les-ptis-papiers-FLYER-apercu-768x512.jpg 768w\" sizes=\"auto, (max-width: 1000px) 100vw, 1000px\" \/><\/a><a href=\"http:\/\/papierplie.fr\/portfolio-item\/marche-de-noel\/pat-les-ptis-papiers-flyer-utilisation#main\" rel=\"attachment wp-att-811\"><img loading=\"lazy\" decoding=\"async\" class=\"alignnone size-full wp-image-811\" src=\"http:\/\/papierplie.fr\/wp-content\/uploads\/2017\/07\/pat-les-ptis-papiers-FLYER-utilisation.gif\" alt=\"\" width=\"800\" height=\"533\" \/><\/a> <a href=\"http:\/\/papierplie.fr\/portfolio-item\/marche-de-noel\/pat-les-ptis-papiers-flyer-montage#main\" rel=\"attachment wp-att-810\"><img loading=\"lazy\" decoding=\"async\" class=\"alignnone size-full wp-image-810\" src=\"http:\/\/papierplie.fr\/wp-content\/uploads\/2017\/07\/pat-les-ptis-papiers-FLYER-montage.gif\" alt=\"\" width=\"800\" height=\"533\" \/><\/a><\/p>\n<p><span style=\"border-top-left-radius: 2px; border-top-right-radius: 2px; border-bottom-right-radius: 2px; border-bottom-left-radius: 2px; text-indent: 20px; width: auto; padding: 0px 4px 0px 0px; text-align: center; font-style: normal; font-variant-caps: normal; font-weight: bold; font-size: 11px; line-height: 20px; font-family: 'Helvetica Neue', Helvetica, sans-serif; color: #ffffff; background-image: url(data:image\/svg+xml; base64,phn2zyb4bwxucz0iahr0cdovl3d3dy53my5vcmcvmjawmc9zdmciighlawdodd0imzbwecigd2lkdgg9ijmwchgiihzpzxdcb3g9ii0xic0xidmxidmxij48zz48cgf0acbkpsjnmjkundq5lde0ljy2mibdmjkundq5ldiyljcymiaymi44njgsmjkumju2ide0ljc1ldi5lji1nibdni42mzismjkumju2idaumduxldiyljcymiawlja1mswxnc42njigqzaumduxldyunjaxidyunjmyldaumdy3ide0ljc1ldaumdy3iemymi44njgsmc4wnjcgmjkundq5ldyunjaxidi5ljq0oswxnc42njiiigzpbgw9iinmzmyiihn0cm9rzt0ii2zmziigc3ryb2tllxdpzhropsixij48l3bhdgg+phbhdgggzd0itte0ljczmywxljy4nibdny41mtysms42odygms42njusny40otugms42njusmtqunjyyiemxljy2nswymc4xntkgns4xmdksmjquodu0idkuotcsmjyunzq0iem5ljg1niwyns43mtggos43ntmsmjqumtqzidewljaxniwymy4wmjigqzewlji1mywymi4wmsaxms41ndgsmtyuntcyidexlju0ocwxni41nzigqzexlju0ocwxni41nzigmteumtu3lde1ljc5nsaxms4xntcsmtqunjq2iemxms4xntcsmtiuodqyideyljixmswxms40otugmtmuntiyldexljq5nsbdmtqunjm3ldexljq5nsaxns4xnzusmtiumzi2ide1lje3nswxmy4zmjmgqze1lje3nswxnc40mzygmtqundyylde2ljegmtqumdkzlde3ljy0mybdmtmunzg1lde4ljkznsaxnc43ndusmtkuotg4ide2ljayocwxos45odggqze4ljm1mswxos45odggmjaumtm2lde3lju1niaymc4xmzysmtqumdq2iemymc4xmzysmtauotm5ide3ljg4ocw4ljc2nyaxnc42nzgsoc43njcgqzewljk1osw4ljc2nya4ljc3nywxms41mzygoc43nzcsmtqumzk4iem4ljc3nywxns41mtmgos4ymswxni43mdkgos43ndksmtcumzu5iem5ljg1niwxny40odggos44nzismtcunia5ljg0lde3ljczmsbdos43ndesmtgumtqxidkuntismtkumdizidkundc3lde5ljiwmybdos40miwxos40nca5lji4ocwxos40otegos4wncwxos4znzygqzcunda4lde4ljyymia2ljm4nywxni4yntigni4zodcsmtqumzq5iem2ljm4nywxmc4yntygos4zodmsni40otcgmtuumdiyldyundk3iemxos41ntusni40otcgmjmumdc4ldkunza1idizlja3ocwxmy45otegqzizlja3ocwxoc40njmgmjaumjm5ldiylja2miaxni4yotcsmjiumdyyiemxnc45nzmsmjiumdyyidezljcyocwyms4znzkgmtmumzayldiwlju3mibdmtmumzayldiwlju3miaxmi42ndcsmjmumdugmtiundg4ldizljy1nybdmtiumtkzldi0ljc4ncaxms4zotysmjyumtk2idewljg2mywyny4wntggqzeylja4niwyny40mzqgmtmumzg2ldi3ljyznyaxnc43mzmsmjcunjm3iemyms45nswyny42mzcgmjcuodaxldixljgyocayny44mdesmtqunjyyiemyny44mdesny40otugmjeuotusms42odygmtqunzmzldeunjg2iibmawxspsijymqwodfjij48l3bhdgg+pc9npjwvc3znpg==); background-size: 14px 14px; background-color: #bd081c; position: absolute; opacity: 1; z-index: 8675309; display: none; cursor: pointer; border: none; -webkit-font-smoothing: antialiased; top: 36px; left: 20px; background-position: 3px 50%; background-repeat: no-repeat no-repeat;\">Enregistrer<\/span><span style=\"border-top-left-radius: 2px; border-top-right-radius: 2px; border-bottom-right-radius: 2px; border-bottom-left-radius: 2px; text-indent: 20px; width: auto; padding: 0px 4px 0px 0px; text-align: center; font-style: normal; font-variant-caps: normal; font-weight: bold; font-size: 11px; line-height: 20px; font-family: 'Helvetica Neue', Helvetica, sans-serif; color: #ffffff; background-image: url(data:image\/svg+xml; base64,phn2zyb4bwxucz0iahr0cdovl3d3dy53my5vcmcvmjawmc9zdmciighlawdodd0imzbwecigd2lkdgg9ijmwchgiihzpzxdcb3g9ii0xic0xidmxidmxij48zz48cgf0acbkpsjnmjkundq5lde0ljy2mibdmjkundq5ldiyljcymiaymi44njgsmjkumju2ide0ljc1ldi5lji1nibdni42mzismjkumju2idaumduxldiyljcymiawlja1mswxnc42njigqzaumduxldyunjaxidyunjmyldaumdy3ide0ljc1ldaumdy3iemymi44njgsmc4wnjcgmjkundq5ldyunjaxidi5ljq0oswxnc42njiiigzpbgw9iinmzmyiihn0cm9rzt0ii2zmziigc3ryb2tllxdpzhropsixij48l3bhdgg+phbhdgggzd0itte0ljczmywxljy4nibdny41mtysms42odygms42njusny40otugms42njusmtqunjyyiemxljy2nswymc4xntkgns4xmdksmjquodu0idkuotcsmjyunzq0iem5ljg1niwyns43mtggos43ntmsmjqumtqzidewljaxniwymy4wmjigqzewlji1mywymi4wmsaxms41ndgsmtyuntcyidexlju0ocwxni41nzigqzexlju0ocwxni41nzigmteumtu3lde1ljc5nsaxms4xntcsmtqunjq2iemxms4xntcsmtiuodqyideyljixmswxms40otugmtmuntiyldexljq5nsbdmtqunjm3ldexljq5nsaxns4xnzusmtiumzi2ide1lje3nswxmy4zmjmgqze1lje3nswxnc40mzygmtqundyylde2ljegmtqumdkzlde3ljy0mybdmtmunzg1lde4ljkznsaxnc43ndusmtkuotg4ide2ljayocwxos45odggqze4ljm1mswxos45odggmjaumtm2lde3lju1niaymc4xmzysmtqumdq2iemymc4xmzysmtauotm5ide3ljg4ocw4ljc2nyaxnc42nzgsoc43njcgqzewljk1osw4ljc2nya4ljc3nywxms41mzygoc43nzcsmtqumzk4iem4ljc3nywxns41mtmgos4ymswxni43mdkgos43ndksmtcumzu5iem5ljg1niwxny40odggos44nzismtcunia5ljg0lde3ljczmsbdos43ndesmtgumtqxidkuntismtkumdizidkundc3lde5ljiwmybdos40miwxos40nca5lji4ocwxos40otegos4wncwxos4znzygqzcunda4lde4ljyymia2ljm4nywxni4yntigni4zodcsmtqumzq5iem2ljm4nywxmc4yntygos4zodmsni40otcgmtuumdiyldyundk3iemxos41ntusni40otcgmjmumdc4ldkunza1idizlja3ocwxmy45otegqzizlja3ocwxoc40njmgmjaumjm5ldiylja2miaxni4yotcsmjiumdyyiemxnc45nzmsmjiumdyyidezljcyocwyms4znzkgmtmumzayldiwlju3mibdmtmumzayldiwlju3miaxmi42ndcsmjmumdugmtiundg4ldizljy1nybdmtiumtkzldi0ljc4ncaxms4zotysmjyumtk2idewljg2mywyny4wntggqzeylja4niwyny40mzqgmtmumzg2ldi3ljyznyaxnc43mzmsmjcunjm3iemyms45nswyny42mzcgmjcuodaxldixljgyocayny44mdesmtqunjyyiemyny44mdesny40otugmjeuotusms42odygmtqunzmzldeunjg2iibmawxspsijymqwodfjij48l3bhdgg+pc9npjwvc3znpg==); background-size: 14px 14px; background-color: #bd081c; position: absolute; opacity: 1; z-index: 8675309; display: none; cursor: pointer; border: none; -webkit-font-smoothing: antialiased; top: 36px; left: 20px; background-position: 3px 50%; background-repeat: no-repeat no-repeat;\">Enregistrer<\/span><\/p>\n","protected":false},"excerpt":{"rendered":"<p>Flyer du march\u00e9 de cr\u00e9ateurs et des m\u00e9tiers du livre de la rue Geoffroy Drouet, Nantes.<\/p>\n","protected":false},"featured_media":1564,"parent":0,"template":"","portfolio_filter":[72,103],"class_list":["post-808","portfolio","type-portfolio","status-publish","has-post-thumbnail","hentry","portfolio_filter-paper","portfolio_filter-graphisme"],"yoast_head":"<!-- This site is optimized with the Yoast SEO plugin v27.5 - https:\/\/yoast.com\/product\/yoast-seo-wordpress\/ -->\n<title>March\u00e9 de noel I designer papier Nantes<\/title>\n<meta name=\"description\" content=\"Flyer du march\u00e9 de cr\u00e9ateurs et des m\u00e9tiers du livre de la rue Geoffroy Drouet, Nantes.\" \/>\n<meta name=\"robots\" content=\"index, follow, max-snippet:-1, max-image-preview:large, max-video-preview:-1\" \/>\n<link rel=\"canonical\" href=\"https:\/\/papierplie.fr\/?portfolio=marche-de-noel\" \/>\n<meta property=\"og:locale\" content=\"fr_FR\" \/>\n<meta property=\"og:type\" content=\"article\" \/>\n<meta property=\"og:title\" content=\"Flyer : March\u00e9 de no\u00ebl\" \/>\n<meta property=\"og:description\" content=\"Flyer du march\u00e9 de cr\u00e9ateurs et des m\u00e9tiers du livre de la rue Geoffroy Drouet, Nantes.\" \/>\n<meta property=\"og:url\" content=\"https:\/\/papierplie.fr\/?portfolio=marche-de-noel\" \/>\n<meta property=\"og:site_name\" content=\"Design Papier Nantes\" \/>\n<meta property=\"article:publisher\" content=\"https:\/\/www.facebook.com\/papierplie\/?fref=ts\" \/>\n<meta property=\"article:modified_time\" content=\"2023-06-27T15:24:59+00:00\" \/>\n<meta property=\"og:image\" content=\"https:\/\/papierplie.fr\/wp-content\/uploads\/2017\/07\/pat-les-ptis-papiers-FLYER-apercu-1-OPT.jpg\" \/>\n\t<meta property=\"og:image:width\" content=\"300\" \/>\n\t<meta property=\"og:image:height\" content=\"250\" \/>\n\t<meta property=\"og:image:type\" content=\"image\/jpeg\" \/>\n<meta name=\"twitter:card\" content=\"summary_large_image\" \/>\n<script type=\"application\/ld+json\" class=\"yoast-schema-graph\">{\"@context\":\"https:\\\/\\\/schema.org\",\"@graph\":[{\"@type\":\"WebPage\",\"@id\":\"https:\\\/\\\/papierplie.fr\\\/?portfolio=marche-de-noel\",\"url\":\"https:\\\/\\\/papierplie.fr\\\/?portfolio=marche-de-noel\",\"name\":\"March\u00e9 de noel I designer papier Nantes\",\"isPartOf\":{\"@id\":\"https:\\\/\\\/papierplie.fr\\\/#website\"},\"primaryImageOfPage\":{\"@id\":\"https:\\\/\\\/papierplie.fr\\\/?portfolio=marche-de-noel#primaryimage\"},\"image\":{\"@id\":\"https:\\\/\\\/papierplie.fr\\\/?portfolio=marche-de-noel#primaryimage\"},\"thumbnailUrl\":\"https:\\\/\\\/papierplie.fr\\\/wp-content\\\/uploads\\\/2017\\\/07\\\/pat-les-ptis-papiers-FLYER-apercu-1-OPT.jpg\",\"datePublished\":\"2017-07-26T12:47:36+00:00\",\"dateModified\":\"2023-06-27T15:24:59+00:00\",\"description\":\"Flyer du march\u00e9 de cr\u00e9ateurs et des m\u00e9tiers du livre de la rue Geoffroy Drouet, Nantes.\",\"breadcrumb\":{\"@id\":\"https:\\\/\\\/papierplie.fr\\\/?portfolio=marche-de-noel#breadcrumb\"},\"inLanguage\":\"fr-FR\",\"potentialAction\":[{\"@type\":\"ReadAction\",\"target\":[\"https:\\\/\\\/papierplie.fr\\\/?portfolio=marche-de-noel\"]}]},{\"@type\":\"ImageObject\",\"inLanguage\":\"fr-FR\",\"@id\":\"https:\\\/\\\/papierplie.fr\\\/?portfolio=marche-de-noel#primaryimage\",\"url\":\"https:\\\/\\\/papierplie.fr\\\/wp-content\\\/uploads\\\/2017\\\/07\\\/pat-les-ptis-papiers-FLYER-apercu-1-OPT.jpg\",\"contentUrl\":\"https:\\\/\\\/papierplie.fr\\\/wp-content\\\/uploads\\\/2017\\\/07\\\/pat-les-ptis-papiers-FLYER-apercu-1-OPT.jpg\",\"width\":300,\"height\":250},{\"@type\":\"BreadcrumbList\",\"@id\":\"https:\\\/\\\/papierplie.fr\\\/?portfolio=marche-de-noel#breadcrumb\",\"itemListElement\":[{\"@type\":\"ListItem\",\"position\":1,\"name\":\"Accueil\",\"item\":\"https:\\\/\\\/papierplie.fr\\\/\"},{\"@type\":\"ListItem\",\"position\":2,\"name\":\"Portfolio\",\"item\":\"https:\\\/\\\/papierplie.fr\\\/?post_type=portfolio\"},{\"@type\":\"ListItem\",\"position\":3,\"name\":\"March\u00e9 de no\u00ebl\"}]},{\"@type\":\"WebSite\",\"@id\":\"https:\\\/\\\/papierplie.fr\\\/#website\",\"url\":\"https:\\\/\\\/papierplie.fr\\\/\",\"name\":\"Design Papier Nantes\",\"description\":\"Designer papier Nantais\",\"publisher\":{\"@id\":\"https:\\\/\\\/papierplie.fr\\\/#organization\"},\"potentialAction\":[{\"@type\":\"SearchAction\",\"target\":{\"@type\":\"EntryPoint\",\"urlTemplate\":\"https:\\\/\\\/papierplie.fr\\\/?s={search_term_string}\"},\"query-input\":{\"@type\":\"PropertyValueSpecification\",\"valueRequired\":true,\"valueName\":\"search_term_string\"}}],\"inLanguage\":\"fr-FR\"},{\"@type\":\"Organization\",\"@id\":\"https:\\\/\\\/papierplie.fr\\\/#organization\",\"name\":\"Papier Pli\u00e9\",\"url\":\"https:\\\/\\\/papierplie.fr\\\/\",\"logo\":{\"@type\":\"ImageObject\",\"inLanguage\":\"fr-FR\",\"@id\":\"https:\\\/\\\/papierplie.fr\\\/#\\\/schema\\\/logo\\\/image\\\/\",\"url\":\"https:\\\/\\\/papierplie.fr\\\/wp-content\\\/uploads\\\/2016\\\/04\\\/pp-logo-150px-grey.png\",\"contentUrl\":\"https:\\\/\\\/papierplie.fr\\\/wp-content\\\/uploads\\\/2016\\\/04\\\/pp-logo-150px-grey.png\",\"width\":150,\"height\":150,\"caption\":\"Papier Pli\u00e9\"},\"image\":{\"@id\":\"https:\\\/\\\/papierplie.fr\\\/#\\\/schema\\\/logo\\\/image\\\/\"},\"sameAs\":[\"https:\\\/\\\/www.facebook.com\\\/papierplie\\\/?fref=ts\",\"https:\\\/\\\/www.instagram.com\\\/pat_prod\\\/\",\"https:\\\/\\\/www.linkedin.com\\\/in\\\/pierre-alain-thibault-18944089?trk=hp-identity-name\",\"https:\\\/\\\/www.youtube.com\\\/channel\\\/UCF4slURwe9TQb51VjdlHT3g\"]}]}<\/script>\n<!-- \/ Yoast SEO plugin. -->","yoast_head_json":{"title":"March\u00e9 de noel I designer papier Nantes","description":"Flyer du march\u00e9 de cr\u00e9ateurs et des m\u00e9tiers du livre de la rue Geoffroy Drouet, Nantes.","robots":{"index":"index","follow":"follow","max-snippet":"max-snippet:-1","max-image-preview":"max-image-preview:large","max-video-preview":"max-video-preview:-1"},"canonical":"https:\/\/papierplie.fr\/?portfolio=marche-de-noel","og_locale":"fr_FR","og_type":"article","og_title":"Flyer : March\u00e9 de no\u00ebl","og_description":"Flyer du march\u00e9 de cr\u00e9ateurs et des m\u00e9tiers du livre de la rue Geoffroy Drouet, Nantes.","og_url":"https:\/\/papierplie.fr\/?portfolio=marche-de-noel","og_site_name":"Design Papier Nantes","article_publisher":"https:\/\/www.facebook.com\/papierplie\/?fref=ts","article_modified_time":"2023-06-27T15:24:59+00:00","og_image":[{"width":300,"height":250,"url":"https:\/\/papierplie.fr\/wp-content\/uploads\/2017\/07\/pat-les-ptis-papiers-FLYER-apercu-1-OPT.jpg","type":"image\/jpeg"}],"twitter_card":"summary_large_image","schema":{"@context":"https:\/\/schema.org","@graph":[{"@type":"WebPage","@id":"https:\/\/papierplie.fr\/?portfolio=marche-de-noel","url":"https:\/\/papierplie.fr\/?portfolio=marche-de-noel","name":"March\u00e9 de noel I designer papier Nantes","isPartOf":{"@id":"https:\/\/papierplie.fr\/#website"},"primaryImageOfPage":{"@id":"https:\/\/papierplie.fr\/?portfolio=marche-de-noel#primaryimage"},"image":{"@id":"https:\/\/papierplie.fr\/?portfolio=marche-de-noel#primaryimage"},"thumbnailUrl":"https:\/\/papierplie.fr\/wp-content\/uploads\/2017\/07\/pat-les-ptis-papiers-FLYER-apercu-1-OPT.jpg","datePublished":"2017-07-26T12:47:36+00:00","dateModified":"2023-06-27T15:24:59+00:00","description":"Flyer du march\u00e9 de cr\u00e9ateurs et des m\u00e9tiers du livre de la rue Geoffroy Drouet, Nantes.","breadcrumb":{"@id":"https:\/\/papierplie.fr\/?portfolio=marche-de-noel#breadcrumb"},"inLanguage":"fr-FR","potentialAction":[{"@type":"ReadAction","target":["https:\/\/papierplie.fr\/?portfolio=marche-de-noel"]}]},{"@type":"ImageObject","inLanguage":"fr-FR","@id":"https:\/\/papierplie.fr\/?portfolio=marche-de-noel#primaryimage","url":"https:\/\/papierplie.fr\/wp-content\/uploads\/2017\/07\/pat-les-ptis-papiers-FLYER-apercu-1-OPT.jpg","contentUrl":"https:\/\/papierplie.fr\/wp-content\/uploads\/2017\/07\/pat-les-ptis-papiers-FLYER-apercu-1-OPT.jpg","width":300,"height":250},{"@type":"BreadcrumbList","@id":"https:\/\/papierplie.fr\/?portfolio=marche-de-noel#breadcrumb","itemListElement":[{"@type":"ListItem","position":1,"name":"Accueil","item":"https:\/\/papierplie.fr\/"},{"@type":"ListItem","position":2,"name":"Portfolio","item":"https:\/\/papierplie.fr\/?post_type=portfolio"},{"@type":"ListItem","position":3,"name":"March\u00e9 de no\u00ebl"}]},{"@type":"WebSite","@id":"https:\/\/papierplie.fr\/#website","url":"https:\/\/papierplie.fr\/","name":"Design Papier Nantes","description":"Designer papier Nantais","publisher":{"@id":"https:\/\/papierplie.fr\/#organization"},"potentialAction":[{"@type":"SearchAction","target":{"@type":"EntryPoint","urlTemplate":"https:\/\/papierplie.fr\/?s={search_term_string}"},"query-input":{"@type":"PropertyValueSpecification","valueRequired":true,"valueName":"search_term_string"}}],"inLanguage":"fr-FR"},{"@type":"Organization","@id":"https:\/\/papierplie.fr\/#organization","name":"Papier Pli\u00e9","url":"https:\/\/papierplie.fr\/","logo":{"@type":"ImageObject","inLanguage":"fr-FR","@id":"https:\/\/papierplie.fr\/#\/schema\/logo\/image\/","url":"https:\/\/papierplie.fr\/wp-content\/uploads\/2016\/04\/pp-logo-150px-grey.png","contentUrl":"https:\/\/papierplie.fr\/wp-content\/uploads\/2016\/04\/pp-logo-150px-grey.png","width":150,"height":150,"caption":"Papier Pli\u00e9"},"image":{"@id":"https:\/\/papierplie.fr\/#\/schema\/logo\/image\/"},"sameAs":["https:\/\/www.facebook.com\/papierplie\/?fref=ts","https:\/\/www.instagram.com\/pat_prod\/","https:\/\/www.linkedin.com\/in\/pierre-alain-thibault-18944089?trk=hp-identity-name","https:\/\/www.youtube.com\/channel\/UCF4slURwe9TQb51VjdlHT3g"]}]}},"jetpack_sharing_enabled":true,"_links":{"self":[{"href":"https:\/\/papierplie.fr\/index.php?rest_route=\/wp\/v2\/portfolio\/808","targetHints":{"allow":["GET"]}}],"collection":[{"href":"https:\/\/papierplie.fr\/index.php?rest_route=\/wp\/v2\/portfolio"}],"about":[{"href":"https:\/\/papierplie.fr\/index.php?rest_route=\/wp\/v2\/types\/portfolio"}],"wp:featuredmedia":[{"embeddable":true,"href":"https:\/\/papierplie.fr\/index.php?rest_route=\/wp\/v2\/media\/1564"}],"wp:attachment":[{"href":"https:\/\/papierplie.fr\/index.php?rest_route=%2Fwp%2Fv2%2Fmedia&parent=808"}],"wp:term":[{"taxonomy":"portfolio_filter","embeddable":true,"href":"https:\/\/papierplie.fr\/index.php?rest_route=%2Fwp%2Fv2%2Fportfolio_filter&post=808"}],"curies":[{"name":"wp","href":"https:\/\/api.w.org\/{rel}","templated":true}]}}